{"id":1786,"date":"2024-03-19T07:25:53","date_gmt":"2024-03-19T07:25:53","guid":{"rendered":"http:\/\/sw-themes.com\/porto_dummy\/?page_id=1786"},"modified":"2024-03-19T07:25:53","modified_gmt":"2024-03-19T07:25:53","slug":"about-us","status":"publish","type":"page","link":"https:\/\/www.venezapratas.com.br\/?page_id=1786","title":{"rendered":"Quem somos?"},"content":{"rendered":"\t\t<div data-elementor-type=\"wp-page\" data-elementor-id=\"1786\" class=\"elementor elementor-1786\" data-elementor-post-type=\"page\">\n\t\t\t\t<div class=\"elementor-element elementor-element-b5b16e3 elementor-hidden-desktop e-flex e-con-boxed e-con e-parent\" data-id=\"b5b16e3\" data-element_type=\"container\" data-e-type=\"container\">\r\n\t\t\t\t\t<div class=\"e-con-inner\">\r\n\t\t\t\t<div class=\"elementor-element elementor-element-81c29a9 elementor-hidden-desktop elementor-widget elementor-widget-heading\" data-id=\"81c29a9\" data-element_type=\"widget\" data-e-type=\"widget\" data-widget_type=\"heading.default\">\n\t\t\t\t<div class=\"elementor-widget-container\">\n\t\t\t\t\t<h1 class=\"elementor-heading-title elementor-size-default\"><h1 class=\"elementor-heading-title elementor-size-default elementor-inline-editing\" style=\"border: 0px;font-size: 4rem;font-style: inherit;font-weight: var( --e-global-typography-primary-font-weight );vertical-align: baseline;clear: both;color: #e21604;line-height: 1.4em;font-family: var( --e-global-typography-primary-font-family ), Sans-serif;text-transform: capitalize\" data-elementor-setting-key=\"title\">Quem somos?<\/h1><\/h1>\t\t\t\t<\/div>\n\t\t\t\t<\/div>\n\t\t\t\t<div class=\"elementor-element elementor-element-34932ce elementor-hidden-desktop elementor-widget elementor-widget-text-editor\" data-id=\"34932ce\" data-element_type=\"widget\" data-e-type=\"widget\" data-widget_type=\"text-editor.default\">\n\t\t\t\t<div class=\"elementor-widget-container\">\n\t\t\t\t\t\t\t\t\t<p><strong><em>Por tr\u00e1s da Veneza h\u00e1 um casal, Gabrielle e Guilherme que tomaram a loja como um diferencial para sua cidade, estado e pa\u00eds, criada em 2020, especializada em j\u00f3ias em prata 925, a Veneza surgiu de uma necessidade de mudan\u00e7a na nossa vida, al\u00e9m de sermos amantes de j\u00f3ias em prata.<\/em><\/strong><br \/><strong><em>Desde o in\u00edcio trabalhamos e nos dedicamos de maneira integral e exclusivamente a loja, para trazer tudo com muito carinho para voc\u00eas. Com o reconhecimento que fomos ganhando vimos a necessidade de expandir cada vez mais!<\/em><\/strong><br \/><strong><em>Todos os nossos acess\u00f3rios s\u00e3o escolhidos e embalados com muito carinho, e esperamos que todas as nossas j\u00f3ias fa\u00e7am parte de momentos especiais e inesquec\u00edveis, elevando sua autoestima e\u00a0real\u00e7ando seu brilho!\u00a0<img decoding=\"async\" class=\"emoji\" role=\"img\" draggable=\"false\" src=\"https:\/\/s.w.org\/images\/core\/emoji\/14.0.0\/svg\/2728.svg\" alt=\"\u2728\" \/><\/em><\/strong><\/p>\t\t\t\t\t\t\t\t<\/div>\n\t\t\t\t<\/div>\n\t\t\t\t\t<\/div>\n\t\t\t\t<\/div>\n\t\t<div class=\"elementor-element elementor-element-ebf532f elementor-hidden-tablet elementor-hidden-mobile e-flex e-con-boxed e-con e-parent\" data-id=\"ebf532f\" data-element_type=\"container\" data-e-type=\"container\">\r\n\t\t\t\t\t<div class=\"e-con-inner\">\r\n\t\t\t\t<div class=\"elementor-element elementor-element-1a8eb5e elementor-hidden-tablet elementor-hidden-mobile elementor-widget elementor-widget-heading\" data-id=\"1a8eb5e\" data-element_type=\"widget\" data-e-type=\"widget\" data-widget_type=\"heading.default\">\n\t\t\t\t<div class=\"elementor-widget-container\">\n\t\t\t\t\t<h1 class=\"elementor-heading-title elementor-size-default\"><h1 class=\"elementor-heading-title elementor-size-default elementor-inline-editing\" style=\"border: 0px;font-size: 4rem;font-style: inherit;font-weight: var( --e-global-typography-primary-font-weight );vertical-align: baseline;clear: both;color: #e21604;line-height: 1.4em;font-family: var( --e-global-typography-primary-font-family ), Sans-serif;text-transform: capitalize\" data-elementor-setting-key=\"title\">Quem somos?<\/h1><\/h1>\t\t\t\t<\/div>\n\t\t\t\t<\/div>\n\t\t\t\t<div class=\"elementor-element elementor-element-d9b82e5 elementor-hidden-tablet elementor-hidden-mobile elementor-widget elementor-widget-text-editor\" data-id=\"d9b82e5\" data-element_type=\"widget\" data-e-type=\"widget\" data-widget_type=\"text-editor.default\">\n\t\t\t\t<div class=\"elementor-widget-container\">\n\t\t\t\t\t\t\t\t\t<p><strong><em>Por tr\u00e1s da Veneza h\u00e1 um casal, Gabrielle e Guilherme que tomaram a loja como um diferencial para sua cidade, estado e pa\u00eds, criada em 2020, especializada em j\u00f3ias em prata 925, a Veneza surgiu de uma necessidade de mudan\u00e7a na nossa vida, al\u00e9m de sermos amantes de j\u00f3ias em prata.<\/em><\/strong><br \/><strong><em>Desde o in\u00edcio trabalhamos e nos dedicamos de maneira integral e exclusivamente a loja, para trazer tudo com muito carinho para voc\u00eas. Com o reconhecimento que fomos ganhando vimos a necessidade de expandir cada vez mais!<\/em><\/strong><br \/><strong><em>Todos os nossos acess\u00f3rios s\u00e3o escolhidos e embalados com muito carinho, e esperamos que todas as nossas j\u00f3ias fa\u00e7am parte de momentos especiais e inesquec\u00edveis, elevando sua autoestima e\u00a0real\u00e7ando seu brilho!\u00a0<img decoding=\"async\" class=\"emoji\" role=\"img\" draggable=\"false\" src=\"https:\/\/s.w.org\/images\/core\/emoji\/14.0.0\/svg\/2728.svg\" alt=\"\u2728\" \/><\/em><\/strong><\/p>\t\t\t\t\t\t\t\t<\/div>\n\t\t\t\t<\/div>\n\t\t\t\t\t<\/div>\n\t\t\t\t<\/div>\n\t\t\t\t<\/div>\n\t\t","protected":false},"excerpt":{"rendered":"<p>Quem somos? Por tr\u00e1s da Veneza h\u00e1 um casal, Gabrielle e Guilherme que tomaram a loja como um diferencial para sua cidade, estado e pa\u00eds, criada em 2020, especializada em j\u00f3ias em prata 925, a Veneza surgiu de uma necessidade de mudan\u00e7a na nossa vida, al\u00e9m de sermos amantes de j\u00f3ias em prata.Desde o in\u00edcio [&hellip;]<\/p>\n","protected":false},"author":1,"featured_media":0,"parent":0,"menu_order":0,"comment_status":"closed","ping_status":"closed","template":"","meta":{"footnotes":""},"class_list":["post-1786","page","type-page","status-publish","hentry"],"_links":{"self":[{"href":"https:\/\/www.venezapratas.com.br\/index.php?rest_route=\/wp\/v2\/pages\/1786","targetHints":{"allow":["GET"]}}],"collection":[{"href":"https:\/\/www.venezapratas.com.br\/index.php?rest_route=\/wp\/v2\/pages"}],"about":[{"href":"https:\/\/www.venezapratas.com.br\/index.php?rest_route=\/wp\/v2\/types\/page"}],"author":[{"embeddable":true,"href":"https:\/\/www.venezapratas.com.br\/index.php?rest_route=\/wp\/v2\/users\/1"}],"replies":[{"embeddable":true,"href":"https:\/\/www.venezapratas.com.br\/index.php?rest_route=%2Fwp%2Fv2%2Fcomments&post=1786"}],"version-history":[{"count":0,"href":"https:\/\/www.venezapratas.com.br\/index.php?rest_route=\/wp\/v2\/pages\/1786\/revisions"}],"wp:attachment":[{"href":"https:\/\/www.venezapratas.com.br\/index.php?rest_route=%2Fwp%2Fv2%2Fmedia&parent=1786"}],"curies":[{"name":"wp","href":"https:\/\/api.w.org\/{rel}","templated":true}]}}